{"id":127,"date":"2023-11-17T14:00:54","date_gmt":"2023-11-17T13:00:54","guid":{"rendered":"https:\/\/lafamilleguinguette.com\/?page_id=127"},"modified":"2026-02-11T11:05:08","modified_gmt":"2026-02-11T10:05:08","slug":"caravane-guinguette","status":"publish","type":"page","link":"https:\/\/lafamilleguinguette.com\/?page_id=127","title":{"rendered":"Caravane Guinguette"},"content":{"rendered":"<p>[et_pb_section fb_built=\u00a0\u00bb1&Prime; fullwidth=\u00a0\u00bbon\u00a0\u00bb next_background_color=\u00a0\u00bb#3d3d3d\u00a0\u00bb admin_label=\u00a0\u00bbHeader Section\u00a0\u00bb _builder_version=\u00a0\u00bb4.23.1&Prime; background_color=\u00a0\u00bb#000000&Prime; background_image=\u00a0\u00bbhttps:\/\/lafamilleguinguette.com\/wp-content\/uploads\/2023\/11\/OLR_0615.jpg\u00a0\u00bb bottom_divider_style=\u00a0\u00bbramp\u00a0\u00bb bottom_divider_flip=\u00a0\u00bbhorizontal\u00a0\u00bb global_colors_info=\u00a0\u00bb{}\u00a0\u00bb][et_pb_fullwidth_header title=\u00a0\u00bb6 \u00e0 7 musiciens &#038; 15 instruments de musique\u00a0\u00bb subhead=\u00a0\u00bbCARAVANE GUINGUETTE\u00a0\u00bb text_orientation=\u00a0\u00bbcenter\u00a0\u00bb button_one_text=\u00a0\u00bbDevis\u00a0\u00bb button_one_url=\u00a0\u00bbhttps:\/\/lafamilleguinguette.com\/?page_id=211&Prime; button_two_text=\u00a0\u00bbConcerts\u00a0\u00bb button_two_url=\u00a0\u00bbhttps:\/\/lafamilleguinguette.com\/?page_id=284&Prime; content_max_width=\u00a0\u00bb640px\u00a0\u00bb _builder_version=\u00a0\u00bb4.27.5&Prime; title_font=\u00a0\u00bbOswald|700||on|||||\u00a0\u00bb title_font_size=\u00a0\u00bb20px\u00a0\u00bb title_letter_spacing=\u00a0\u00bb3px\u00a0\u00bb title_line_height=\u00a0\u00bb1.5em\u00a0\u00bb content_font=\u00a0\u00bbLora||||||||\u00a0\u00bb content_font_size=\u00a0\u00bb22px\u00a0\u00bb content_line_height=\u00a0\u00bb2em\u00a0\u00bb subhead_font=\u00a0\u00bbLora|700|||||||\u00a0\u00bb subhead_font_size=\u00a0\u00bb60px\u00a0\u00bb subhead_line_height=\u00a0\u00bb1.5em\u00a0\u00bb background_color=\u00a0\u00bbrgba(255,255,255,0)\u00a0\u00bb background_image=\u00a0\u00bbhttps:\/\/lafamilleguinguette.com\/wp-content\/uploads\/2025\/10\/page-accueil.webp\u00a0\u00bb parallax=\u00a0\u00bbon\u00a0\u00bb parallax_method=\u00a0\u00bbon\u00a0\u00bb custom_button_one=\u00a0\u00bbon\u00a0\u00bb button_one_text_size=\u00a0\u00bb16px\u00a0\u00bb button_one_text_color=\u00a0\u00bb#ffffff\u00a0\u00bb button_one_bg_color=\u00a0\u00bb#d29f68&Prime; button_one_border_width=\u00a0\u00bb15px\u00a0\u00bb button_one_border_color=\u00a0\u00bbrgba(210,159,104,0)\u00a0\u00bb button_one_border_radius=\u00a0\u00bb100px\u00a0\u00bb button_one_letter_spacing=\u00a0\u00bb3px\u00a0\u00bb button_one_font=\u00a0\u00bbOswald|||on|||||\u00a0\u00bb button_one_use_icon=\u00a0\u00bboff\u00a0\u00bb custom_button_two=\u00a0\u00bbon\u00a0\u00bb button_two_text_size=\u00a0\u00bb16px\u00a0\u00bb button_two_text_color=\u00a0\u00bb#ffffff\u00a0\u00bb button_two_bg_color=\u00a0\u00bbrgba(255,255,255,0.35)\u00a0\u00bb button_two_border_width=\u00a0\u00bb15px\u00a0\u00bb button_two_border_color=\u00a0\u00bbrgba(0,0,0,0)\u00a0\u00bb button_two_border_radius=\u00a0\u00bb100px\u00a0\u00bb button_two_letter_spacing=\u00a0\u00bb3px\u00a0\u00bb button_two_font=\u00a0\u00bbOswald|||on|||||\u00a0\u00bb button_two_use_icon=\u00a0\u00bboff\u00a0\u00bb custom_margin=\u00a0\u00bb|||\u00a0\u00bb custom_padding=\u00a0\u00bb90px||90px||true\u00a0\u00bb animation_style=\u00a0\u00bbzoom\u00a0\u00bb animation_duration=\u00a0\u00bb2000ms\u00a0\u00bb animation_intensity_zoom=\u00a0\u00bb4%\u00a0\u00bb hover_enabled=\u00a0\u00bb0&Prime; subhead_font_size_tablet=\u00a0\u00bb\u00a0\u00bb subhead_font_size_phone=\u00a0\u00bb50px\u00a0\u00bb subhead_font_size_last_edited=\u00a0\u00bbon|desktop\u00a0\u00bb button_one_border_radius_hover=\u00a0\u00bb100px\u00a0\u00bb button_one_bg_color_hover=\u00a0\u00bb#cc8d66&Prime; button_two_bg_color_hover=\u00a0\u00bb#d29f68&Prime; global_colors_info=\u00a0\u00bb{}\u00a0\u00bb button_one_text_size__hover_enabled=\u00a0\u00bboff\u00a0\u00bb button_two_text_size__hover_enabled=\u00a0\u00bboff\u00a0\u00bb button_one_text_color__hover_enabled=\u00a0\u00bboff\u00a0\u00bb button_two_text_color__hover_enabled=\u00a0\u00bboff\u00a0\u00bb button_one_border_width__hover_enabled=\u00a0\u00bboff\u00a0\u00bb button_two_border_width__hover_enabled=\u00a0\u00bboff\u00a0\u00bb button_one_border_color__hover_enabled=\u00a0\u00bboff\u00a0\u00bb button_two_border_color__hover_enabled=\u00a0\u00bboff\u00a0\u00bb button_one_border_radius__hover_enabled=\u00a0\u00bbon\u00a0\u00bb button_one_border_radius__hover=\u00a0\u00bb100px\u00a0\u00bb button_two_border_radius__hover_enabled=\u00a0\u00bboff\u00a0\u00bb button_one_letter_spacing__hover_enabled=\u00a0\u00bboff\u00a0\u00bb button_two_letter_spacing__hover_enabled=\u00a0\u00bboff\u00a0\u00bb button_one_bg_color__hover_enabled=\u00a0\u00bbon\u00a0\u00bb button_one_bg_color__hover=\u00a0\u00bb#cc8d66&Prime; button_two_bg_color__hover_enabled=\u00a0\u00bbon\u00a0\u00bb button_two_bg_color__hover=\u00a0\u00bb#d29f68&Prime; sticky_enabled=\u00a0\u00bb0&Prime; title_text_color=\u00a0\u00bb#FFFFFF\u00a0\u00bb title_text_shadow_style=\u00a0\u00bbpreset2&Prime; title_text_shadow_horizontal_length=\u00a0\u00bb0.03em\u00a0\u00bb title_text_shadow_vertical_length=\u00a0\u00bb0.29em\u00a0\u00bb][\/et_pb_fullwidth_header][\/et_pb_section][et_pb_section fb_built=\u00a0\u00bb1&Prime; admin_label=\u00a0\u00bbListings\u00a0\u00bb _builder_version=\u00a0\u00bb4.23.1&Prime; background_color=\u00a0\u00bb#3d3d3d\u00a0\u00bb custom_padding=\u00a0\u00bb43px||0||false|false\u00a0\u00bb animation_style=\u00a0\u00bbfade\u00a0\u00bb animation_delay=\u00a0\u00bb200ms\u00a0\u00bb global_colors_info=\u00a0\u00bb{}\u00a0\u00bb][et_pb_row column_structure=\u00a0\u00bb1_2,1_2&Prime; admin_label=\u00a0\u00bbAbout Row\u00a0\u00bb _builder_version=\u00a0\u00bb4.23.1&Prime; background_color=\u00a0\u00bbrgba(0,0,0,0.27)\u00a0\u00bb custom_padding=\u00a0\u00bb11px|13px|13px|13px|false|false\u00a0\u00bb border_radii=\u00a0\u00bbon|11px|11px|11px|11px\u00a0\u00bb locked=\u00a0\u00bboff\u00a0\u00bb global_colors_info=\u00a0\u00bb{}\u00a0\u00bb][et_pb_column type=\u00a0\u00bb1_2&Prime; _builder_version=\u00a0\u00bb4.16&Prime; custom_padding=\u00a0\u00bb|||\u00a0\u00bb global_colors_info=\u00a0\u00bb{}\u00a0\u00bb custom_padding__hover=\u00a0\u00bb|||\u00a0\u00bb][et_pb_text _builder_version=\u00a0\u00bb4.23.1&Prime; text_font=\u00a0\u00bbLora||||||||\u00a0\u00bb text_font_size=\u00a0\u00bb18px\u00a0\u00bb text_line_height=\u00a0\u00bb2em\u00a0\u00bb link_font=\u00a0\u00bb||||||||\u00a0\u00bb ul_font=\u00a0\u00bb||||||||\u00a0\u00bb ol_font=\u00a0\u00bb||||||||\u00a0\u00bb quote_font=\u00a0\u00bb||||||||\u00a0\u00bb header_font=\u00a0\u00bb||||||||\u00a0\u00bb header_2_font=\u00a0\u00bbLora|700|||||||\u00a0\u00bb header_2_font_size=\u00a0\u00bb50px\u00a0\u00bb header_2_line_height=\u00a0\u00bb1.5em\u00a0\u00bb header_3_font=\u00a0\u00bbLora|700|||||||\u00a0\u00bb header_3_font_size=\u00a0\u00bb42px\u00a0\u00bb header_3_line_height=\u00a0\u00bb1.5em\u00a0\u00bb header_5_font=\u00a0\u00bbOswald|||on|||||\u00a0\u00bb header_5_text_color=\u00a0\u00bbrgba(191,191,191,0.4)\u00a0\u00bb header_5_font_size=\u00a0\u00bb20px\u00a0\u00bb header_5_letter_spacing=\u00a0\u00bb3px\u00a0\u00bb max_width=\u00a0\u00bb600px\u00a0\u00bb max_width_tablet=\u00a0\u00bb\u00a0\u00bb max_width_phone=\u00a0\u00bb\u00a0\u00bb max_width_last_edited=\u00a0\u00bbon|phone\u00a0\u00bb custom_margin_tablet=\u00a0\u00bb|70px||70px\u00a0\u00bb custom_margin_phone=\u00a0\u00bb|50px||50px\u00a0\u00bb custom_margin_last_edited=\u00a0\u00bboff|desktop\u00a0\u00bb custom_padding=\u00a0\u00bb||0px|||\u00a0\u00bb text_line_height_last_edited=\u00a0\u00bboff|desktop\u00a0\u00bb global_colors_info=\u00a0\u00bb{}\u00a0\u00bb]<\/p>\n<h5>Chanson fran\u00e7aise &#8211; Musique du monde<\/h5>\n<h3><span style=\"color: #ffffff;\">Entre chansons du terroir et musique d&rsquo;ailleurs&#8230;<\/span><\/h3>\n<p><span style=\"color: #919191;\">De guingois dans une caravane au fond du jardin, se pr\u00e9pare un festin musical.<\/span><\/p>\n<p><span style=\"color: #919191;\">Soufflet d&rsquo;accord\u00e9on et sa sauce contrebasse, cordes de guitare saut\u00e9es \u00e0 l&rsquo;espagnole sur son lit de clarinette orientale, chansons moul\u00e9es \u00e0 la bouche accompagn\u00e9es d&rsquo;une batterie bien frapp\u00e9e !<\/span><\/p>\n<p><span style=\"color: #919191;\">Par\u00e9s pour la guinche, Caravane Guinguette se situe au carrefour entre terroir et musique du monde.<\/span><\/p>\n<p><span style=\"color: #919191;\">Tout public &#8211; Dur\u00e9e 1H30<\/span><\/p>\n<p>&nbsp;<\/p>\n<p>[\/et_pb_text][et_pb_button button_url=\u00a0\u00bbhttps:\/\/soundcloud.com\/caravaneguinguette\/sets\/sous-les-lampions\u00a0\u00bb button_text=\u00a0\u00bb\u00e9couter l&rsquo;album\u00a0\u00bb button_alignment=\u00a0\u00bbcenter\u00a0\u00bb _builder_version=\u00a0\u00bb4.23.1&Prime; custom_button=\u00a0\u00bbon\u00a0\u00bb button_text_size=\u00a0\u00bb16px\u00a0\u00bb button_text_color=\u00a0\u00bb#000000&Prime; button_bg_color=\u00a0\u00bb#c9a24e\u00a0\u00bb button_border_width=\u00a0\u00bb15px\u00a0\u00bb button_border_color=\u00a0\u00bbrgba(210,159,104,0)\u00a0\u00bb button_border_radius=\u00a0\u00bb100px\u00a0\u00bb button_letter_spacing=\u00a0\u00bb3px\u00a0\u00bb button_font=\u00a0\u00bbOswald|||on|||||\u00a0\u00bb button_use_icon=\u00a0\u00bboff\u00a0\u00bb custom_margin=\u00a0\u00bb-63px|||||\u00a0\u00bb animation_style=\u00a0\u00bbfade\u00a0\u00bb button_border_radius_hover=\u00a0\u00bb100px\u00a0\u00bb button_bg_color_hover=\u00a0\u00bb#cc8d66&Prime; locked=\u00a0\u00bboff\u00a0\u00bb global_colors_info=\u00a0\u00bb{}\u00a0\u00bb button_text_size__hover_enabled=\u00a0\u00bboff\u00a0\u00bb button_one_text_size__hover_enabled=\u00a0\u00bboff\u00a0\u00bb button_two_text_size__hover_enabled=\u00a0\u00bboff\u00a0\u00bb button_text_color__hover_enabled=\u00a0\u00bboff\u00a0\u00bb button_one_text_color__hover_enabled=\u00a0\u00bboff\u00a0\u00bb button_two_text_color__hover_enabled=\u00a0\u00bboff\u00a0\u00bb button_border_width__hover_enabled=\u00a0\u00bboff\u00a0\u00bb button_one_border_width__hover_enabled=\u00a0\u00bboff\u00a0\u00bb button_two_border_width__hover_enabled=\u00a0\u00bboff\u00a0\u00bb button_border_color__hover_enabled=\u00a0\u00bboff\u00a0\u00bb button_one_border_color__hover_enabled=\u00a0\u00bboff\u00a0\u00bb button_two_border_color__hover_enabled=\u00a0\u00bboff\u00a0\u00bb button_border_radius__hover_enabled=\u00a0\u00bbon\u00a0\u00bb button_border_radius__hover=\u00a0\u00bb100px\u00a0\u00bb button_one_border_radius__hover_enabled=\u00a0\u00bboff\u00a0\u00bb button_two_border_radius__hover_enabled=\u00a0\u00bboff\u00a0\u00bb button_letter_spacing__hover_enabled=\u00a0\u00bboff\u00a0\u00bb button_one_letter_spacing__hover_enabled=\u00a0\u00bboff\u00a0\u00bb button_two_letter_spacing__hover_enabled=\u00a0\u00bboff\u00a0\u00bb button_bg_color__hover_enabled=\u00a0\u00bbon\u00a0\u00bb button_bg_color__hover=\u00a0\u00bb#cc8d66&Prime; button_one_bg_color__hover_enabled=\u00a0\u00bboff\u00a0\u00bb button_two_bg_color__hover_enabled=\u00a0\u00bboff\u00a0\u00bb][\/et_pb_button][\/et_pb_column][et_pb_column type=\u00a0\u00bb1_2&Prime; _builder_version=\u00a0\u00bb4.23.1&Prime; background_image=\u00a0\u00bbhttps:\/\/lafamilleguinguette.com\/wp-content\/uploads\/2023\/11\/cover-finale.jpg\u00a0\u00bb custom_padding=\u00a0\u00bb|||\u00a0\u00bb global_colors_info=\u00a0\u00bb{}\u00a0\u00bb custom_padding__hover=\u00a0\u00bb|||\u00a0\u00bb][et_pb_image src=\u00a0\u00bbhttps:\/\/lafamilleguinguette.com\/wp-content\/uploads\/2025\/05\/caravane-guinguette-dateslow.webp\u00a0\u00bb alt=\u00a0\u00bbcaravane guinguette concert haute savoie\u00a0\u00bb title_text=\u00a0\u00bbcaravane-guinguette-dateslow\u00a0\u00bb _builder_version=\u00a0\u00bb4.23.1&Prime; _module_preset=\u00a0\u00bbdefault\u00a0\u00bb global_colors_info=\u00a0\u00bb{}\u00a0\u00bb][\/et_pb_image][\/et_pb_column][\/et_pb_row][et_pb_row _builder_version=\u00a0\u00bb4.23.1&Prime; _module_preset=\u00a0\u00bbdefault\u00a0\u00bb global_colors_info=\u00a0\u00bb{}\u00a0\u00bb][et_pb_column type=\u00a0\u00bb4_4&Prime; _builder_version=\u00a0\u00bb4.23.1&Prime; _module_preset=\u00a0\u00bbdefault\u00a0\u00bb global_colors_info=\u00a0\u00bb{}\u00a0\u00bb][et_pb_video src=\u00a0\u00bbhttps:\/\/www.youtube.com\/watch?v=wixvDc6VGIY\u00a0\u00bb _builder_version=\u00a0\u00bb4.27.5&Prime; _module_preset=\u00a0\u00bbdefault\u00a0\u00bb border_radii=\u00a0\u00bbon|20px|20px|20px|20px\u00a0\u00bb global_colors_info=\u00a0\u00bb{}\u00a0\u00bb][\/et_pb_video][\/et_pb_column][\/et_pb_row][et_pb_row column_structure=\u00a0\u00bb1_2,1_2&Prime; _builder_version=\u00a0\u00bb4.23.1&Prime; _module_preset=\u00a0\u00bbdefault\u00a0\u00bb global_colors_info=\u00a0\u00bb{}\u00a0\u00bb][et_pb_column type=\u00a0\u00bb1_2&Prime; _builder_version=\u00a0\u00bb4.23.1&Prime; _module_preset=\u00a0\u00bbdefault\u00a0\u00bb global_colors_info=\u00a0\u00bb{}\u00a0\u00bb][et_pb_text _builder_version=\u00a0\u00bb4.23.1&Prime; _module_preset=\u00a0\u00bbdefault\u00a0\u00bb global_colors_info=\u00a0\u00bb{}\u00a0\u00bb]<\/p>\n<h2><span style=\"color: #f7f7f7;\"><\/span><\/h2>\n<h1><span style=\"color: #00ccff;\"><strong>Nouveaut\u00e9 2026<\/strong><\/span><\/h1>\n<p><strong><span style=\"color: #f7f7f7;\"><\/span><\/strong><\/p>\n<h2><span style=\"color: #f7f7f7;\"> Nouveau Single \u00e0 venir cet hiver\u00a0<\/span><\/h2>\n<h2><span style=\"color: #f7f7f7;\"> MON PILIER\u00a0<\/span><\/h2>\n<p><span style=\"color: #f7f7f7;\"><\/span><\/p>\n<p><span style=\"color: #f7f7f7;\"><\/span><\/p>\n<p><span style=\"color: #ffcc00;\"><strong>Paroles et chant : Camille Niard<\/strong><\/span><\/p>\n<p><strong><span style=\"color: #ffcc00;\">Composition musicale et accord\u00e9on : Louise Bernert<\/span><\/strong><\/p>\n<p><strong><span style=\"color: #ffcc00;\">Violoncelle : Sylvain Bernert<\/span><\/strong><\/p>\n<p><em><span style=\"color: #ffffff;\">Prise de son et Enregistrement : Renaud Galissian<\/span><\/em><\/p>\n<p><em><span style=\"color: #ffffff;\">Mastering : Dominique Tassin<\/span><\/em><\/p>\n<p><em><span style=\"color: #ffffff;\">Illustration : Aur\u00e9lien Bonora<\/span><\/em><\/p>\n<p><span style=\"color: #f7f7f7;\"><\/span><\/p>\n<p>[\/et_pb_text][\/et_pb_column][et_pb_column type=\u00a0\u00bb1_2&Prime; _builder_version=\u00a0\u00bb4.23.1&Prime; _module_preset=\u00a0\u00bbdefault\u00a0\u00bb global_colors_info=\u00a0\u00bb{}\u00a0\u00bb][et_pb_image src=\u00a0\u00bbhttps:\/\/lafamilleguinguette.com\/wp-content\/uploads\/2025\/05\/Mon-Pilier-copie-low1.webp\u00a0\u00bb alt=\u00a0\u00bbChansons fran\u00e7aise haute Savoie Caravane guinguette\u00a0\u00bb title_text=\u00a0\u00bbMon pillier Caravane Guinguette\u00a0\u00bb url=\u00a0\u00bbhttps:\/\/lafamilleguinguette.com\/wp-content\/uploads\/2025\/05\/Mon-Pilier-copie-low1.webp\u00a0\u00bb _builder_version=\u00a0\u00bb4.23.1&Prime; _module_preset=\u00a0\u00bbdefault\u00a0\u00bb global_colors_info=\u00a0\u00bb{}\u00a0\u00bb][\/et_pb_image][\/et_pb_column][\/et_pb_row][\/et_pb_section][et_pb_section fb_built=\u00a0\u00bb1&Prime; _builder_version=\u00a0\u00bb4.23.1&Prime; _module_preset=\u00a0\u00bbdefault\u00a0\u00bb background_color=\u00a0\u00bb#303030&Prime; global_colors_info=\u00a0\u00bb{}\u00a0\u00bb][et_pb_row _builder_version=\u00a0\u00bb4.23.1&Prime; _module_preset=\u00a0\u00bbdefault\u00a0\u00bb global_colors_info=\u00a0\u00bb{}\u00a0\u00bb][et_pb_column type=\u00a0\u00bb4_4&Prime; _builder_version=\u00a0\u00bb4.23.1&Prime; _module_preset=\u00a0\u00bbdefault\u00a0\u00bb global_colors_info=\u00a0\u00bb{}\u00a0\u00bb][et_pb_video src=\u00a0\u00bbhttps:\/\/www.youtube.com\/watch?v=fwmIjfg4IHI\u00a0\u00bb _builder_version=\u00a0\u00bb4.27.5&Prime; _module_preset=\u00a0\u00bbdefault\u00a0\u00bb border_radii=\u00a0\u00bbon|20px|20px|20px|20px\u00a0\u00bb global_colors_info=\u00a0\u00bb{}\u00a0\u00bb][\/et_pb_video][\/et_pb_column][\/et_pb_row][\/et_pb_section][et_pb_section fb_built=\u00a0\u00bb1&Prime; _builder_version=\u00a0\u00bb4.23.1&Prime; _module_preset=\u00a0\u00bbdefault\u00a0\u00bb background_color=\u00a0\u00bb#303030&Prime; global_colors_info=\u00a0\u00bb{}\u00a0\u00bb][et_pb_row _builder_version=\u00a0\u00bb4.23.1&Prime; _module_preset=\u00a0\u00bbdefault\u00a0\u00bb global_colors_info=\u00a0\u00bb{}\u00a0\u00bb][et_pb_column type=\u00a0\u00bb4_4&Prime; _builder_version=\u00a0\u00bb4.23.1&Prime; _module_preset=\u00a0\u00bbdefault\u00a0\u00bb global_colors_info=\u00a0\u00bb{}\u00a0\u00bb][et_pb_video src=\u00a0\u00bbhttps:\/\/www.youtube.com\/watch?v=ohVsBVzw0iI&#038;list=OLAK5uy_kbFv6dZG0GDQYJNKyJDmU9wdyFGwrA7Vs\u00a0\u00bb _builder_version=\u00a0\u00bb4.27.5&Prime; _module_preset=\u00a0\u00bbdefault\u00a0\u00bb border_radii=\u00a0\u00bbon|20px|20px|20px|20px\u00a0\u00bb global_colors_info=\u00a0\u00bb{}\u00a0\u00bb][\/et_pb_video][\/et_pb_column][\/et_pb_row][\/et_pb_section][et_pb_section fb_built=\u00a0\u00bb1&Prime; _builder_version=\u00a0\u00bb4.23.1&Prime; _module_preset=\u00a0\u00bbdefault\u00a0\u00bb background_image=\u00a0\u00bbhttps:\/\/lafamilleguinguette.com\/wp-content\/uploads\/2023\/11\/AnyConv.com__max.webp\u00a0\u00bb global_colors_info=\u00a0\u00bb{}\u00a0\u00bb][et_pb_row column_structure=\u00a0\u00bb1_2,1_2&Prime; _builder_version=\u00a0\u00bb4.23.1&Prime; _module_preset=\u00a0\u00bbdefault\u00a0\u00bb background_color=\u00a0\u00bbrgba(58,58,58,0.81)\u00a0\u00bb custom_padding=\u00a0\u00bb54px|14px||14px|false|false\u00a0\u00bb border_radii=\u00a0\u00bbon|12px|12px|12px|12px\u00a0\u00bb global_colors_info=\u00a0\u00bb{}\u00a0\u00bb][et_pb_column type=\u00a0\u00bb1_2&Prime; _builder_version=\u00a0\u00bb4.23.1&Prime; _module_preset=\u00a0\u00bbdefault\u00a0\u00bb global_colors_info=\u00a0\u00bb{}\u00a0\u00bb][et_pb_text _builder_version=\u00a0\u00bb4.23.1&Prime; _module_preset=\u00a0\u00bbdefault\u00a0\u00bb inline_fonts=\u00a0\u00bbAboreto\u00a0\u00bb global_colors_info=\u00a0\u00bb{}\u00a0\u00bb]<\/p>\n<h1 style=\"padding-left: 40px;\"><span style=\"font-size: x-large; font-family: Aboreto;\">\u00a0<span style=\"color: #e8e8e8;\">BIOGRAPHIE<\/span><\/span><\/h1>\n<p style=\"padding-left: 40px;\"><span style=\"color: #e8e8e8;\"><strong>Caravane Guinguette<\/strong>, groupe originaire de Haute-Savoie, sur le plateau de gavot, est n\u00e9 \u00e0 l&rsquo;initiative de 4 amis durant l&rsquo;hiver 2021<\/span><\/p>\n<p style=\"padding-left: 40px;\"><span style=\"color: #e8e8e8;\"><strong>Louise Bernert<\/strong>, autrice-compositrice-interpr\u00e8te a propos\u00e9 une douzaine de ses chansons. Berc\u00e9e depuis toute jeune dans un univers musical \u00e0 la fois classique et populaire, elle puise ses inspirations avec des artistes tels que Brassens, Piaf et Brel mais aussi avec Karpatt, debout sur le Zinc, Bratsch ou Mano Solo.<\/span><\/p>\n<p style=\"padding-left: 40px;\"><span style=\"color: #e8e8e8;\">Mue par la po\u00e9sie de ses a\u00een\u00e9es, et par le repertoir de la musique traditionnel Klezmer et des Balkans, elle allie les deux dans ses compositions avec son instrument de pr\u00e9dilection : l&rsquo;accord\u00e9on.<\/span><\/p>\n<p style=\"padding-left: 40px;\"><span style=\"color: #e8e8e8;\">C&rsquo;est ainsi que li\u00e9s par une amiti\u00e9 grandissante et par cette envie commune de partager leur amour de la musique, <strong>Camille Niard<\/strong> (Autrice, interpr\u00e8te vocal),<strong> Antoine Legrand<\/strong> (Bassiste et Contrebassiste) et <strong>Maximilien Bonora<\/strong> (compositeur, interpr\u00e8te et guitariste) se sont lanc\u00e9s dans la cr\u00e9ation d&rsquo;un r\u00e9pertoire riche et vari\u00e9, situ\u00e9 au carrefour entre chansons du terroir et musique du monde.<\/span><\/p>\n<p style=\"padding-left: 40px;\"><span style=\"color: #e8e8e8;\">\u00a0<\/span><\/p>\n<p>[\/et_pb_text][et_pb_button button_url=\u00a0\u00bbhttps:\/\/lafamilleguinguette.com\/wp-content\/uploads\/2025\/04\/dossier-technique-2025-low.pdf\u00a0\u00bb button_text=\u00a0\u00bbFiche technique + Rider\u00a0\u00bb _builder_version=\u00a0\u00bb4.23.1&Prime; _module_preset=\u00a0\u00bbdefault\u00a0\u00bb custom_button=\u00a0\u00bbon\u00a0\u00bb button_text_color=\u00a0\u00bb#FFFFFF\u00a0\u00bb global_colors_info=\u00a0\u00bb{}\u00a0\u00bb][\/et_pb_button][\/et_pb_column][et_pb_column type=\u00a0\u00bb1_2&Prime; _builder_version=\u00a0\u00bb4.23.1&Prime; _module_preset=\u00a0\u00bbdefault\u00a0\u00bb global_colors_info=\u00a0\u00bb{}\u00a0\u00bb][et_pb_text _builder_version=\u00a0\u00bb4.23.1&Prime; _module_preset=\u00a0\u00bbdefault\u00a0\u00bb global_colors_info=\u00a0\u00bb{}\u00a0\u00bb]<\/p>\n<p style=\"padding-left: 40px;\"><span style=\"color: #d8d8d8;\">Ils ont d\u00e9but\u00e9 sur des petites sc\u00e8ne locales d\u00e8s le printemps 2022 (festival de la monnaie du Chab&rsquo;, Brasserie du bruant, Brasserie de la Ringale, festival du tissage de lien, march\u00e9s locaux) ils ont tr\u00e8s vite pu se produire sur des sc\u00e8nes de musique plus importantes : F\u00eate de la musique \u00e0 Thonon (Place des Arts), L&rsquo;Etabli, La conciergerie, La coloquinte, Zik en ville 2023, le Festi-l\u00e9man&#8230;<\/span><\/p>\n<p style=\"padding-left: 40px;\"><span style=\"color: #d8d8d8;\">\u00a0<\/span><\/p>\n<p style=\"padding-left: 40px;\"><span style=\"color: #d8d8d8;\"><strong>Thibault<\/strong> <strong>R\u00e9chaussat<\/strong> (clarinettiste et saxophoniste) les rejoint \u00e0 l&rsquo;automne 2022. C&rsquo;est aussi \u00e0 cette p\u00e9riode que le directeur artistique de la TTC Prod, <strong>Sylvain Bernert<\/strong>, auteur-compositeur et violoncelliste, d\u00e9cide d&rsquo;accompagner le groupe pour les mener vers une voix de professionnalisation.<\/span><\/p>\n<p style=\"padding-left: 40px;\"><span style=\"color: #d8d8d8;\">En janvier 2023, ils enregistrent leur premier EP de six titres, disponible \u00e0 prix libre et conscient apr\u00e8s chaque concert.<\/span><\/p>\n<p style=\"padding-left: 40px;\"><span style=\"color: #d8d8d8;\">Les derniers venus, sont<strong> Danielle Mota<\/strong> \u00e0 la batterie et <strong>Alain<\/strong> \u00e0 la washboard , qui ont su parfaitement s&rsquo;int\u00e9grer au projet et rythmer les chansons du groupe.<\/span><\/p>\n<p style=\"padding-left: 40px;\"><span style=\"color: #d8d8d8;\">Avec de belles dates en vue pour le printemps 2025, la saison s&rsquo;annonce riche en musique et en concert pour Caravane Guinguette avec <strong>Stephanie Quastana<\/strong> en nouvelle voix Lead.<\/span><\/p>\n<p style=\"padding-left: 40px;\">\n<p style=\"padding-left: 40px;\">\n<p>[\/et_pb_text][\/et_pb_column][\/et_pb_row][\/et_pb_section][et_pb_section fb_built=\u00a0\u00bb1&Prime; _builder_version=\u00a0\u00bb4.23.1&Prime; _module_preset=\u00a0\u00bbdefault\u00a0\u00bb background_color=\u00a0\u00bb#000000&Prime; global_colors_info=\u00a0\u00bb{}\u00a0\u00bb][et_pb_row _builder_version=\u00a0\u00bb4.23.1&Prime; _module_preset=\u00a0\u00bbdefault\u00a0\u00bb global_colors_info=\u00a0\u00bb{}\u00a0\u00bb][et_pb_column type=\u00a0\u00bb4_4&Prime; _builder_version=\u00a0\u00bb4.23.1&Prime; _module_preset=\u00a0\u00bbdefault\u00a0\u00bb global_colors_info=\u00a0\u00bb{}\u00a0\u00bb][et_pb_gallery gallery_ids=\u00a0\u00bb539,538,474,472,476,475,473,241,242,244,245,246,247,248,249,250&Prime; show_title_and_caption=\u00a0\u00bboff\u00a0\u00bb _builder_version=\u00a0\u00bb4.23.1&Prime; _module_preset=\u00a0\u00bbdefault\u00a0\u00bb global_colors_info=\u00a0\u00bb{}\u00a0\u00bb][\/et_pb_gallery][\/et_pb_column][\/et_pb_row][\/et_pb_section]<\/p>\n","protected":false},"excerpt":{"rendered":"<p>Caravane Guinguette<\/p>\n","protected":false},"author":1,"featured_media":0,"parent":0,"menu_order":2,"comment_status":"closed","ping_status":"closed","template":"","meta":{"_et_pb_use_builder":"on","_et_pb_old_content":"","_et_gb_content_width":"","footnotes":""},"class_list":["post-127","page","type-page","status-publish","hentry"],"yoast_head":"<!-- This site is optimized with the Yoast SEO plugin v26.8 - https:\/\/yoast.com\/product\/yoast-seo-wordpress\/ -->\n<title>Caravane Guinguette | LA FAMILLE GUINGUETTE<\/title>\n<meta name=\"description\" content=\"6 musiciens sur sc\u00e8ne, Caravane Guinguette vous d\u00e9voile ses compositions entre musique du monde et chansons du terroir.\" \/>\n<meta name=\"robots\" content=\"index, follow, max-snippet:-1, max-image-preview:large, max-video-preview:-1\" \/>\n<link rel=\"canonical\" href=\"https:\/\/lafamilleguinguette.com\/?page_id=127\" \/>\n<meta property=\"og:locale\" content=\"fr_FR\" \/>\n<meta property=\"og:type\" content=\"article\" \/>\n<meta property=\"og:title\" content=\"Caravane Guinguette\" \/>\n<meta property=\"og:description\" content=\"6 musiciens sur sc\u00e8ne, Caravane Guinguette vous d\u00e9voile ses compositions entre musique du monde et chansons du terroir.\" \/>\n<meta property=\"og:url\" content=\"https:\/\/lafamilleguinguette.com\/?page_id=127\" \/>\n<meta property=\"og:site_name\" content=\"LA FAMILLE GUINGUETTE\" \/>\n<meta property=\"article:publisher\" content=\"https:\/\/www.facebook.com\/CaravaneGuinguette\" \/>\n<meta property=\"article:modified_time\" content=\"2026-02-11T10:05:08+00:00\" \/>\n<meta property=\"og:image\" content=\"https:\/\/lafamilleguinguette.com\/wp-content\/uploads\/2023\/11\/AnyConv.com__DSC08533-2-copie-1-scaled.webp\" \/>\n\t<meta property=\"og:image:width\" content=\"2560\" \/>\n\t<meta property=\"og:image:height\" content=\"1702\" \/>\n\t<meta property=\"og:image:type\" content=\"image\/webp\" \/>\n<meta name=\"twitter:card\" content=\"summary_large_image\" \/>\n<meta name=\"twitter:label1\" content=\"Dur\u00e9e de lecture estim\u00e9e\" \/>\n\t<meta name=\"twitter:data1\" content=\"4 minutes\" \/>\n<script type=\"application\/ld+json\" class=\"yoast-schema-graph\">{\"@context\":\"https:\/\/schema.org\",\"@graph\":[{\"@type\":\"WebPage\",\"@id\":\"https:\/\/lafamilleguinguette.com\/?page_id=127\",\"url\":\"https:\/\/lafamilleguinguette.com\/?page_id=127\",\"name\":\"Caravane Guinguette | LA FAMILLE GUINGUETTE\",\"isPartOf\":{\"@id\":\"https:\/\/lafamilleguinguette.com\/#website\"},\"datePublished\":\"2023-11-17T13:00:54+00:00\",\"dateModified\":\"2026-02-11T10:05:08+00:00\",\"description\":\"6 musiciens sur sc\u00e8ne, Caravane Guinguette vous d\u00e9voile ses compositions entre musique du monde et chansons du terroir.\",\"breadcrumb\":{\"@id\":\"https:\/\/lafamilleguinguette.com\/?page_id=127#breadcrumb\"},\"inLanguage\":\"fr-FR\",\"potentialAction\":[{\"@type\":\"ReadAction\",\"target\":[\"https:\/\/lafamilleguinguette.com\/?page_id=127\"]}]},{\"@type\":\"BreadcrumbList\",\"@id\":\"https:\/\/lafamilleguinguette.com\/?page_id=127#breadcrumb\",\"itemListElement\":[{\"@type\":\"ListItem\",\"position\":1,\"name\":\"Accueil\",\"item\":\"https:\/\/lafamilleguinguette.com\/\"},{\"@type\":\"ListItem\",\"position\":2,\"name\":\"Caravane Guinguette\"}]},{\"@type\":\"WebSite\",\"@id\":\"https:\/\/lafamilleguinguette.com\/#website\",\"url\":\"https:\/\/lafamilleguinguette.com\/\",\"name\":\"LA FAMILLE GUINGUETTE\",\"description\":\"La Famille Guinguette regroupe 7 musiciens, com\u00e9diens et clowns de Haute-Savoie (74) CONCERTS - SPECTACLES JEUNE PUBLIC - DEAMBULATION - ANIMATION\",\"publisher\":{\"@id\":\"https:\/\/lafamilleguinguette.com\/#organization\"},\"potentialAction\":[{\"@type\":\"SearchAction\",\"target\":{\"@type\":\"EntryPoint\",\"urlTemplate\":\"https:\/\/lafamilleguinguette.com\/?s={search_term_string}\"},\"query-input\":{\"@type\":\"PropertyValueSpecification\",\"valueRequired\":true,\"valueName\":\"search_term_string\"}}],\"inLanguage\":\"fr-FR\"},{\"@type\":\"Organization\",\"@id\":\"https:\/\/lafamilleguinguette.com\/#organization\",\"name\":\"La Famille Guinguette\",\"alternateName\":\"Concerts spectacles d\u00e9ambulations animations\",\"url\":\"https:\/\/lafamilleguinguette.com\/\",\"logo\":{\"@type\":\"ImageObject\",\"inLanguage\":\"fr-FR\",\"@id\":\"https:\/\/lafamilleguinguette.com\/#\/schema\/logo\/image\/\",\"url\":\"http:\/\/lafamilleguinguette.com\/wp-content\/uploads\/2023\/11\/logopng-1.png\",\"contentUrl\":\"http:\/\/lafamilleguinguette.com\/wp-content\/uploads\/2023\/11\/logopng-1.png\",\"width\":1201,\"height\":919,\"caption\":\"La Famille Guinguette\"},\"image\":{\"@id\":\"https:\/\/lafamilleguinguette.com\/#\/schema\/logo\/image\/\"},\"sameAs\":[\"https:\/\/www.facebook.com\/CaravaneGuinguette\",\"https:\/\/www.instagram.com\/caravane_guinguette\/\"]}]}<\/script>\n<!-- \/ Yoast SEO plugin. -->","yoast_head_json":{"title":"Caravane Guinguette | LA FAMILLE GUINGUETTE","description":"6 musiciens sur sc\u00e8ne, Caravane Guinguette vous d\u00e9voile ses compositions entre musique du monde et chansons du terroir.","robots":{"index":"index","follow":"follow","max-snippet":"max-snippet:-1","max-image-preview":"max-image-preview:large","max-video-preview":"max-video-preview:-1"},"canonical":"https:\/\/lafamilleguinguette.com\/?page_id=127","og_locale":"fr_FR","og_type":"article","og_title":"Caravane Guinguette","og_description":"6 musiciens sur sc\u00e8ne, Caravane Guinguette vous d\u00e9voile ses compositions entre musique du monde et chansons du terroir.","og_url":"https:\/\/lafamilleguinguette.com\/?page_id=127","og_site_name":"LA FAMILLE GUINGUETTE","article_publisher":"https:\/\/www.facebook.com\/CaravaneGuinguette","article_modified_time":"2026-02-11T10:05:08+00:00","og_image":[{"width":2560,"height":1702,"url":"https:\/\/lafamilleguinguette.com\/wp-content\/uploads\/2023\/11\/AnyConv.com__DSC08533-2-copie-1-scaled.webp","type":"image\/webp"}],"twitter_card":"summary_large_image","twitter_misc":{"Dur\u00e9e de lecture estim\u00e9e":"4 minutes"},"schema":{"@context":"https:\/\/schema.org","@graph":[{"@type":"WebPage","@id":"https:\/\/lafamilleguinguette.com\/?page_id=127","url":"https:\/\/lafamilleguinguette.com\/?page_id=127","name":"Caravane Guinguette | LA FAMILLE GUINGUETTE","isPartOf":{"@id":"https:\/\/lafamilleguinguette.com\/#website"},"datePublished":"2023-11-17T13:00:54+00:00","dateModified":"2026-02-11T10:05:08+00:00","description":"6 musiciens sur sc\u00e8ne, Caravane Guinguette vous d\u00e9voile ses compositions entre musique du monde et chansons du terroir.","breadcrumb":{"@id":"https:\/\/lafamilleguinguette.com\/?page_id=127#breadcrumb"},"inLanguage":"fr-FR","potentialAction":[{"@type":"ReadAction","target":["https:\/\/lafamilleguinguette.com\/?page_id=127"]}]},{"@type":"BreadcrumbList","@id":"https:\/\/lafamilleguinguette.com\/?page_id=127#breadcrumb","itemListElement":[{"@type":"ListItem","position":1,"name":"Accueil","item":"https:\/\/lafamilleguinguette.com\/"},{"@type":"ListItem","position":2,"name":"Caravane Guinguette"}]},{"@type":"WebSite","@id":"https:\/\/lafamilleguinguette.com\/#website","url":"https:\/\/lafamilleguinguette.com\/","name":"LA FAMILLE GUINGUETTE","description":"La Famille Guinguette regroupe 7 musiciens, com\u00e9diens et clowns de Haute-Savoie (74) CONCERTS - SPECTACLES JEUNE PUBLIC - DEAMBULATION - ANIMATION","publisher":{"@id":"https:\/\/lafamilleguinguette.com\/#organization"},"potentialAction":[{"@type":"SearchAction","target":{"@type":"EntryPoint","urlTemplate":"https:\/\/lafamilleguinguette.com\/?s={search_term_string}"},"query-input":{"@type":"PropertyValueSpecification","valueRequired":true,"valueName":"search_term_string"}}],"inLanguage":"fr-FR"},{"@type":"Organization","@id":"https:\/\/lafamilleguinguette.com\/#organization","name":"La Famille Guinguette","alternateName":"Concerts spectacles d\u00e9ambulations animations","url":"https:\/\/lafamilleguinguette.com\/","logo":{"@type":"ImageObject","inLanguage":"fr-FR","@id":"https:\/\/lafamilleguinguette.com\/#\/schema\/logo\/image\/","url":"http:\/\/lafamilleguinguette.com\/wp-content\/uploads\/2023\/11\/logopng-1.png","contentUrl":"http:\/\/lafamilleguinguette.com\/wp-content\/uploads\/2023\/11\/logopng-1.png","width":1201,"height":919,"caption":"La Famille Guinguette"},"image":{"@id":"https:\/\/lafamilleguinguette.com\/#\/schema\/logo\/image\/"},"sameAs":["https:\/\/www.facebook.com\/CaravaneGuinguette","https:\/\/www.instagram.com\/caravane_guinguette\/"]}]}},"_links":{"self":[{"href":"https:\/\/lafamilleguinguette.com\/index.php?rest_route=\/wp\/v2\/pages\/127","targetHints":{"allow":["GET"]}}],"collection":[{"href":"https:\/\/lafamilleguinguette.com\/index.php?rest_route=\/wp\/v2\/pages"}],"about":[{"href":"https:\/\/lafamilleguinguette.com\/index.php?rest_route=\/wp\/v2\/types\/page"}],"author":[{"embeddable":true,"href":"https:\/\/lafamilleguinguette.com\/index.php?rest_route=\/wp\/v2\/users\/1"}],"replies":[{"embeddable":true,"href":"https:\/\/lafamilleguinguette.com\/index.php?rest_route=%2Fwp%2Fv2%2Fcomments&post=127"}],"version-history":[{"count":44,"href":"https:\/\/lafamilleguinguette.com\/index.php?rest_route=\/wp\/v2\/pages\/127\/revisions"}],"predecessor-version":[{"id":642,"href":"https:\/\/lafamilleguinguette.com\/index.php?rest_route=\/wp\/v2\/pages\/127\/revisions\/642"}],"wp:attachment":[{"href":"https:\/\/lafamilleguinguette.com\/index.php?rest_route=%2Fwp%2Fv2%2Fmedia&parent=127"}],"curies":[{"name":"wp","href":"https:\/\/api.w.org\/{rel}","templated":true}]}}